{"id":2181,"date":"2017-05-16T02:13:11","date_gmt":"2017-05-16T05:13:11","guid":{"rendered":"http:\/\/www.epacine.com.ar\/epa\/?page_id=2181"},"modified":"2017-05-16T03:05:23","modified_gmt":"2017-05-16T06:05:23","slug":"north","status":"publish","type":"page","link":"https:\/\/www.epacine.com.ar\/epa\/north\/","title":{"rendered":""},"content":{"rendered":"<p><span style=\"font-family: Arial, Helvetica, sans-serif; font-size: 14pt;\"><strong>T\u00edtulo en ingl\u00e9s:<\/strong> All the cities of the north<\/span><br \/>\n<span style=\"font-family: Arial, Helvetica, sans-serif; font-size: 14pt;\"><strong>T\u00edtulo original:<\/strong> Svi Sverni Gradovi<br \/>\n<\/span><span style=\"font-family: Arial, Helvetica, sans-serif; font-size: 14pt;\">Pa\u00eds: Serbia\/Bosnia &amp; Herzegovina\/Montenegro<\/span><br \/>\n<span style=\"font-family: Arial, Helvetica, sans-serif; font-size: 14pt;\">A\u00f1o: 2016<\/span><br \/>\n<span style=\"font-family: Arial, Helvetica, sans-serif; font-size: 14pt;\">Duraci\u00f3n: 100\u2019\u2019<\/span><br \/>\n<span style=\"font-family: Arial, Helvetica, sans-serif; font-size: 14pt;\">Formato de proyecci\u00f3n: HD<\/span><br \/>\n<span style=\"font-family: Arial, Helvetica, sans-serif; font-size: 14pt;\">Formato de realizaci\u00f3n: HD<\/span><br \/>\n<span style=\"font-family: Arial, Helvetica, sans-serif; font-size: 14pt;\">Idioma original: Serbio<\/span><\/p>\n<p><span style=\"font-family: Arial, Helvetica, sans-serif; font-size: 14pt;\">Direcci\u00f3n: Dane Komljen<\/span><br \/>\n<span style=\"font-family: Arial, Helvetica, sans-serif; font-size: 14pt;\">Gui\u00f3n: Dane Komljen<\/span><br \/>\n<span style=\"font-family: Arial, Helvetica, sans-serif; font-size: 14pt;\">Fotograf\u00eda: Ivan Markovic<\/span><br \/>\n<span style=\"font-family: Arial, Helvetica, sans-serif; font-size: 14pt;\">Edici\u00f3n: Dane Komljen y Natasa Damjanovic<\/span><br \/>\n<span style=\"font-family: Arial, Helvetica, sans-serif; font-size: 14pt;\">Arte: Magdalena Vlajic<\/span><br \/>\n<span style=\"font-family: Arial, Helvetica, sans-serif; font-size: 14pt;\">Sonido: Igor Camo, Simon Apostolou y Jakob Munizaba<\/span><br \/>\n<span style=\"font-family: Arial, Helvetica, sans-serif; font-size: 14pt;\">Producci\u00f3n: Natasa Damjanovic, Vladimir Vidic, Amra Baksic-Camo, Adis Djapo, Bojana Radulovic y Zoran Galic<\/span><br \/>\n<span style=\"font-family: Arial, Helvetica, sans-serif; font-size: 14pt;\">Coproducci\u00f3n: Dart Film<br \/>\n<\/span><span style=\"font-family: Arial, Helvetica, sans-serif; font-size: 14pt;\">Int\u00e9rpretes: Boban Kaluder, Boris Isakovic y Dane Komljem<br \/>\n<\/span><\/p>\n<p style=\"text-align: justify;\"><span style=\"font-family: Arial, Helvetica, sans-serif; font-size: 14pt;\"><b>DANE KOMLJEN<br \/>\n<\/b><span style=\"font-weight: 400;\">(Yugoslavia, 1986). Estudi\u00f3 direcci\u00f3n en la Facultad de Artes Dram\u00e1ticas de Serbia y Arte Contempor\u00e1neo en Le Fresnoy, Francia. Sus cortos fueron exhibidos en los festivales de Cannes, Locarno, Rotterdam y Marsella, entre otros. <\/span><i><span style=\"font-weight: 400;\">All the cities of the north<\/span><\/i><span style=\"font-weight: 400;\"> es su primer largometraje.<\/span><br \/>\n<\/span><\/p>\n","protected":false},"excerpt":{"rendered":"<p>T\u00edtulo en ingl\u00e9s: All the cities of the north T\u00edtulo original: Svi Sverni Gradovi Pa\u00eds: Serbia\/Bosnia &amp; Herzegovina\/Montenegro A\u00f1o: 2016 Duraci\u00f3n: 100\u2019\u2019 Formato de proyecci\u00f3n: HD Formato de realizaci\u00f3n: HD Idioma original: Serbio Direcci\u00f3n: Dane Komljen Gui\u00f3n: Dane Komljen Fotograf\u00eda: Ivan Markovic Edici\u00f3n: Dane Komljen y Natasa Damjanovic Arte: Magdalena Vlajic Sonido: Igor Camo, Simon &hellip; <a href=\"https:\/\/www.epacine.com.ar\/epa\/north\/\" class=\"more-link\">Continuar leyendo <span class=\"screen-reader-text\"><\/span> <span class=\"meta-nav\">&rarr;<\/span><\/a><\/p>\n","protected":false},"author":2,"featured_media":1582,"parent":0,"menu_order":0,"comment_status":"closed","ping_status":"closed","template":"","meta":{"footnotes":""},"class_list":["post-2181","page","type-page","status-publish","has-post-thumbnail","hentry"],"_links":{"self":[{"href":"https:\/\/www.epacine.com.ar\/epa\/wp-json\/wp\/v2\/pages\/2181","targetHints":{"allow":["GET"]}}],"collection":[{"href":"https:\/\/www.epacine.com.ar\/epa\/wp-json\/wp\/v2\/pages"}],"about":[{"href":"https:\/\/www.epacine.com.ar\/epa\/wp-json\/wp\/v2\/types\/page"}],"author":[{"embeddable":true,"href":"https:\/\/www.epacine.com.ar\/epa\/wp-json\/wp\/v2\/users\/2"}],"replies":[{"embeddable":true,"href":"https:\/\/www.epacine.com.ar\/epa\/wp-json\/wp\/v2\/comments?post=2181"}],"version-history":[{"count":3,"href":"https:\/\/www.epacine.com.ar\/epa\/wp-json\/wp\/v2\/pages\/2181\/revisions"}],"predecessor-version":[{"id":2535,"href":"https:\/\/www.epacine.com.ar\/epa\/wp-json\/wp\/v2\/pages\/2181\/revisions\/2535"}],"wp:featuredmedia":[{"embeddable":true,"href":"https:\/\/www.epacine.com.ar\/epa\/wp-json\/wp\/v2\/media\/1582"}],"wp:attachment":[{"href":"https:\/\/www.epacine.com.ar\/epa\/wp-json\/wp\/v2\/media?parent=2181"}],"curies":[{"name":"wp","href":"https:\/\/api.w.org\/{rel}","templated":true}]}}